{"id":4376,"date":"2021-01-13T15:50:23","date_gmt":"2021-01-13T15:50:23","guid":{"rendered":"https:\/\/sandbox.lucas-filmfestival.de\/homepage\/"},"modified":"2022-10-11T10:53:28","modified_gmt":"2022-10-11T10:53:28","slug":"homepage","status":"publish","type":"page","link":"https:\/\/2022.lucas-filmfestival.de\/en\/","title":{"rendered":"Homepage"},"content":{"rendered":"<div class=\"wpb-content-wrapper\"><p>[vc_row full_width=\u201cstretch_row\u201d content_placement=\u201cbottom\u201d parallax=\u201ccontent-moving\u201d parallax_image=\u201c631\u201d parallax_speed_bg=\u201c1.2\u201d css=\u201d.vc_custom_1616772209205{padding-top: 70px !important;padding-bottom: 70px !important;background-position: center;background-repeat: no-repeat !important;background-size: cover !important;}\u201d el_class=\u201chintergrund\u201d][vc_column width=\u201c2\/5\u201d][vc_single_image image=\u201c8774\u201d img_size=\u201c450x448\u201d css_animation=\u201crollIn\u201d][\/vc_column][vc_column width=\u201c2\/5\u201d][vc_column_text css=\u201d.vc_custom_1662979597850{padding-top: 10px !important;padding-bottom: 10px !important;padding-left: 20px !important;background-color: rgba(255,255,255,0.4) !important;*background-color: rgb(255,255,255) !important;}\u201d]<\/p>\n<h3>The LUCAS #45 program is online \u2013 <span style=\"text-decoration: underline;\"><a href=\"https:\/\/2022.lucas-filmfestival.de\/en\/films\/\">discover the films now<\/a><\/span>!<\/h3>\n<p>[\/vc_column_text][\/vc_column][vc_column width=\u201c1\/5\u201d][\/vc_column][\/vc_row][vc_row full_width=\u201cstretch_row\u201d css=\u201d.vc_custom_1612518267848{padding-top: 50px !important;padding-bottom: 50px !important;background-color: #ffd700 !important;}\u201d][vc_column][vc_row_inner][vc_column_inner width=\u201c1\/2\u201d][vc_separator color=\u201cblack\u201d align=\u201calign_left\u201d border_width=\u201c4\u201d el_width=\u201c30\u201d][vc_column_text]<\/p>\n<h1>News<\/h1>\n<p>[\/vc_column_text][\/vc_column_inner][vc_column_inner width=\u201c1\/2\u201d][\/vc_column_inner][\/vc_row_inner][vc_row_inner][vc_column_inner][vc_basic_grid post_type=\u201cpost\u201d max_items=\u201c6\u201d item=\u201c217\u201d grid_id=\u201cvc_gid:1665485590283\u20138fe3797d-983d\u20112\u201d taxonomies=\u201c44\u201d][\/vc_column_inner][\/vc_row_inner][vc_btn title=\u201cAll ent\u00adries\u201d style=\u201coutline-custom\u201d outline_custom_color=\u201c#000000\u201d outline_custom_hover_background=\u201d#48d1cc\u201d outline_custom_hover_text=\u201d#ffffff\u201d size=\u201clg\u201d align=\u201cright\u201d i_icon_fontawesome=\u201cfar fa-news\u00adpa\u00adper\u201d add_icon=\u201ctrue\u201d link=\u201curl:https%3A%2F%2F2022.lucas-filmfestival.de%2Faktuelles%2F|title:Aktuelles\u201d][\/vc_column][\/vc_row][vc_row full_width=\u201cstretch_row\u201d css=\u201d.vc_custom_1616162322211{padding-top: 50px !important;padding-bottom: 50px !important;background-image: url(https:\/\/sandbox.lucas-filmfestival.de\/medien\/2021\/02\/2020_10_01-LUCAS-PV-326-Foto_Sabine_Imhof-1920px-verlauf.jpg?id=690) !important;background-position: cen\u00adter !important;background-repeat: no-repeat !important;background-size: cover !important;}\u201d el_class=\u201chintergrund\u201d][vc_column][vc_row_inner][vc_column_inner width=\u201c1\/2\u201d][vc_separator color=\u201cwhite\u201d align=\u201calign_left\u201d border_width=\u201c4\u201d el_width=\u201c30\u201d][vc_column_text]<\/p>\n<h1><span style=\"color: #ffffff;\">About LUCAS<\/span><\/h1>\n<p>[\/vc_column_text][\/vc_column_inner][vc_column_inner width=\u201c1\/2\u201d][\/vc_column_inner][\/vc_row_inner][vc_row_inner][vc_column_inner width=\u201c1\/2\u201d][vc_column_text]<\/p>\n<div>\n<p style=\"text-align: justify;\"><span style=\"color: #ffffff;\">Lights out and film on at LUCAS #45: From October 6 to 13, Germany\u2019s oldest film fes\u00adti\u00adval for young audi\u00aden\u00adces pres\u00adents award-win\u00adning cine\u00adma\u00adtic art for ever\u00adyo\u00adne from four years old to 18plus. Families and film lovers of all ages can expect out\u00adstan\u00adding cine\u00adma expe\u00adri\u00aden\u00adces in Frankfurt, Offenbach, and Wiesbaden. School clas\u00adses, child\u00adren\u2019s and youth groups in Germany can also access the short films of the com\u00adpe\u00adti\u00adti\u00adon pro\u00adgram via video-on-demand.<\/span><\/p>\n<p style=\"text-align: justify;\"><span style=\"color: #ffffff;\">21 careful\u00adly cura\u00adted fea\u00adture films and a sel\u00adec\u00adtion of short films (all of them German pre\u00admie\u00adres) will com\u00adpe\u00adte for the cove\u00adted LUCAS awards. In addi\u00adti\u00adon to the com\u00adpe\u00adti\u00adti\u00adon pro\u00adgram, LUCAS pres\u00adents clas\u00adsics of film histo\u00adry, short film pro\u00adgrams for the very youn\u00adgest and other series, some of which are crea\u00adted by child\u00adren and young adults. During the fes\u00adti\u00adval week, a spe\u00adcial focus is on film talks, in which film\u00adma\u00adkers from all over the world enter into dia\u00adlo\u00adgue with the audience.<\/span><\/p>\n<\/div>\n<p>[\/vc_column_text][\/vc_column_inner][vc_column_inner width=\u201c1\/2\u201d][vc_column_text]<\/p>\n<p style=\"text-align: justify;\"><span style=\"color: #ffffff;\">Participation at LUCAS means \u201cGet invol\u00adved!\u201d. As mode\u00adra\u00adtors, fes\u00adti\u00adval repor\u00adters, film cri\u00adtics, jury mem\u00adbers, or cura\u00adtors \u2013 young film fans are invi\u00adted to par\u00adti\u00adci\u00adpa\u00adte in a varie\u00adty of ways throug\u00adhout the festival.<\/span><\/p>\n<p style=\"text-align: justify;\"><span style=\"color: #ffffff;\">For repre\u00adsen\u00adta\u00adti\u00adves of the film indus\u00adtry, con\u00adfe\u00adren\u00adces and panel dis\u00adcus\u00adsions take place that deal with topics of film edu\u00adca\u00adti\u00adon and cur\u00adrent trends in children\u2019s and youth film production.<\/span><\/p>\n<p style=\"text-align: justify;\"><span style=\"color: #ffffff;\">LUCAS \u2013 International Festival for Young Film Lovers is orga\u00adni\u00adzed by DFF \u2013 Deutsches Filminstitut &amp; Filmmuseum e.V.<\/span><\/p>\n<p>[\/vc_column_text][\/vc_column_inner][\/vc_row_inner][\/vc_column][\/vc_row][vc_row full_width=\u201cstretch_row\u201d disable_element=\u201cyes\u201d css=\u201d.vc_custom_1611746464953{padding-top: 50px !important;padding-bottom: 50px !important;background-color: #ffd700 !important;}\u201d][vc_column][vc_row_inner][vc_column_inner width=\u201c1\/2\u201d][vc_separator color=\u201cblack\u201d align=\u201calign_left\u201d border_width=\u201c4\u201d el_width=\u201c30\u201d][vc_column_text]<\/p>\n<h1>Aktuelles<\/h1>\n<p>[\/vc_column_text][\/vc_column_inner][vc_column_inner width=\u201c1\/2\u201d][\/vc_column_inner][\/vc_row_inner][vc_row_inner][vc_column_inner width=\u201c1\/3\u201d][vc_single_image image=\u201c206\u201d img_size=\u201cfull\u201d][\/vc_column_inner][vc_column_inner width=\u201c1\/3\u201d][vc_single_image image=\u201c207\u201d img_size=\u201cfull\u201d][\/vc_column_inner][vc_column_inner width=\u201c1\/3\u201d][vc_single_image image=\u201c205\u201d img_size=\u201cfull\u201d css=\u201d.vc_custom_1611746436170{border-top-width: 5px !important;border-right-width: 5px !important;border-bottom-width: 5px !important;border-left-width: 5px !important;border-left-color: #ffffff !important;border-left-style: solid !important;border-right-color: #ffffff !important;border-right-style: solid !important;border-top-color: #ffffff !important;border-top-style: solid !important;border-bottom-color: #ffffff !important;border-bottom-style: solid !important;}\u201d][\/vc_column_inner][\/vc_row_inner][vc_column_text css=\u201d.vc_custom_1612534232343{padding-left: 14px !important;}\u201d][add_eventon tiles=\u201cyes\u201d tile_bg=\u201c1\u201d tile_count=\u201c3\u201d tile_style=\u201c1\u201d ][\/vc_column_text][\/vc_column][\/vc_row][vc_row full_width=\u201cstretch_row\u201d disable_element=\u201cyes\u201d css=\u201d.vc_custom_1658250075552{padding-top: 50px !important;padding-bottom: 50px !important;background-color: #48d1cc !important;}\u201d][vc_column][vc_row_inner disable_element=\u201cyes\u201d][vc_column_inner width=\u201c1\/2\u201d][vc_separator color=\u201cblack\u201d align=\u201calign_left\u201d border_width=\u201c4\u201d el_width=\u201c30\u201d][vc_column_text]<\/p>\n<h1>Upcoming events<\/h1>\n<p>[\/vc_column_text][\/vc_column_inner][vc_column_inner width=\u201c1\/2\u201d][\/vc_column_inner][\/vc_row_inner][vc_row_inner disable_element=\u201cyes\u201d][vc_column_inner][vc_basic_grid post_type=\u201cpost\u201d max_items=\u201c3\u201d item=\u201c1013\u201d grid_id=\u201cvc_gid:1665485590291\u201348c6e098-a220\u20115\u201d taxonomies=\u201c71\u201d][\/vc_column_inner][\/vc_row_inner][vc_btn title=\u201cAll events\u201d style=\u201coutline-custom\u201d outline_custom_color=\u201c#000000\u201d outline_custom_hover_background=\u201c#ff6347\u201d outline_custom_hover_text=\u201d#ffffff\u201d size=\u201clg\u201d align=\u201cright\u201d i_icon_fontawesome=\u201cfas fa-calen\u00addar\u201d add_icon=\u201ctrue\u201d link=\u201curl:https%3A%2F%2F2022.lucas-filmfestival.de%2Frundum%2F|title:Veranstaltungen\u201d css=\u201d.vc_custom_1630318602898{margin-right: 15px !important;}\u201d][vc_empty_space][\/vc_column][\/vc_row][vc_row full_width=\u201cstretch_row\u201d css=\u201d.vc_custom_1658250090651{padding-top: 50px !important;padding-bottom: 50px !important;background-color: #48d1cc !important;}\u201d][vc_column][vc_row_inner][vc_column_inner width=\u201c1\/2\u201d][vc_separator color=\u201cblack\u201d align=\u201calign_left\u201d border_width=\u201c4\u201d el_width=\u201c30\u201d][vc_column_text]<\/p>\n<h1>Follow us!<\/h1>\n<p>[\/vc_column_text][\/vc_column_inner][vc_column_inner width=\u201c1\/2\u201d][\/vc_column_inner][\/vc_row_inner][vc_row_inner][vc_column_inner][vc_column_text]<\/p>\n<h2>Instagram<\/h2>\n<p style=\"text-align: left;\">\n<\/p><div id=\"sb_instagram\" class=\"sbi sbi_mob_col_1 sbi_tab_col_2 sbi_col_4\" style=\"padding-bottom: 4px; width: 100%;\" data-feedid=\"*1\" data-res=\"auto\" data-cols=\"4\" data-colsmobile=\"1\" data-colstablet=\"2\" data-num=\"8\" data-nummobile data-item-padding=\"2\" data-shortcode-atts=\"{}\" data-postid=\"4376\" data-locatornonce=\"a240985566\" data-imageaspectratio=\"1:1\" data-sbi-flags=\"favorLocal\">\n\t\n\t<div id=\"sbi_images\" style=\"gap: 4px;\">\n\t\t\t<\/div>\n\n\t<div id=\"sbi_load\">\n\n\t\n\t\t\t<span class=\"sbi_follow_btn\">\n\t\t\t<a target=\"_blank\" rel=\"nofollow noopener\" href=\"https:\/\/www.instagram.com\/lucasfestival\/\">\n\t\t\t\t<svg class=\"svg-inline--fa fa-instagram fa-w-14\" aria-hidden=\"true\" data-fa-processed aria-label=\"Instagram\" data-prefix=\"fab\" data-icon=\"instagram\" role=\"img\" viewBox=\"0 0 448 512\">\n                    <path fill=\"currentColor\" d=\"M224.1 141c-63.6 0-114.9 51.3-114.9 114.9s51.3 114.9 114.9 114.9S339 319.5 339 255.9 287.7 141 224.1 141zm0 189.6c-41.1 0-74.7-33.5-74.7-74.7s33.5-74.7 74.7-74.7 74.7 33.5 74.7 74.7-33.6 74.7-74.7 74.7zm146.4-194.3c0 14.9-12 26.8-26.8 26.8-14.9 0-26.8-12-26.8-26.8s12-26.8 26.8-26.8 26.8 12 26.8 26.8zm76.1 27.2c-1.7-35.9-9.9-67.7-36.2-93.9-26.2-26.2-58-34.4-93.9-36.2-37-2.1-147.9-2.1-184.9 0-35.8 1.7-67.6 9.9-93.9 36.1s-34.4 58-36.2 93.9c-2.1 37-2.1 147.9 0 184.9 1.7 35.9 9.9 67.7 36.2 93.9s58 34.4 93.9 36.2c37 2.1 147.9 2.1 184.9 0 35.9-1.7 67.7-9.9 93.9-36.2 26.2-26.2 34.4-58 36.2-93.9 2.1-37 2.1-147.8 0-184.8zM398.8 388c-7.8 19.6-22.9 34.7-42.6 42.6-29.5 11.7-99.5 9-132.1 9s-102.7 2.6-132.1-9c-19.6-7.8-34.7-22.9-42.6-42.6-11.7-29.5-9-99.5-9-132.1s-2.6-102.7 9-132.1c7.8-19.6 22.9-34.7 42.6-42.6 29.5-11.7 99.5-9 132.1-9s102.7-2.6 132.1 9c19.6 7.8 34.7 22.9 42.6 42.6 11.7 29.5 9 99.5 9 132.1s2.7 102.7-9 132.1z\" \/>\n                <\/svg>\t\t\t\t<span>Auf Instagram folgen<\/span>\n\t\t\t<\/a>\n\t\t<\/span>\n\t\n<\/div>\n\t\t<span class=\"sbi_resized_image_data\" data-feed-id=\"*1\" data-resized=\"[]\">\n\t<\/span>\n\t<\/div>\n<p>[\/vc_column_text][\/vc_column_inner][\/vc_row_inner][vc_row_inner][vc_column_inner width=\u201c1\/2\u201d][vc_column_text]<\/p>\n<h2>YouTube<\/h2>\n<p>[\/vc_column_text][\/vc_column_inner][vc_column_inner width=\u201c1\/2\u201d][\/vc_column_inner][\/vc_row_inner][vc_row_inner][vc_column_inner width=\u201c1\/2\u201d][vc_video link=\u201chttps:\/\/youtu.be\/uUsKQEdsII0\u201d][\/vc_column_inner][vc_column_inner width=\u201c1\/2\u201d][\/vc_column_inner][\/vc_row_inner][\/vc_column][\/vc_row][vc_row full_width=\u201cstretch_row\u201d css=\u201d.vc_custom_1615996233097{background-color: #ffffff !important;}\u201d][vc_column][\/vc_column][\/vc_row]<\/p>\n<\/div>","protected":false},"excerpt":{"rendered":"<p>[vc_row full_width=\u201cstretch_row\u201d content_placement=\u201cbottom\u201d parallax=\u201ccontent-moving\u201d parallax_image=\u201c631\u201d parallax_speed_bg=\u201c1.2\u201d css=\u201d.vc_custom_1616772209205{padding-top: 70px !important;padding-bottom: 70px !important;background-position: center;background-repeat: no-repeat !important;background-size: cover !important;}\u201d el_class=\u201chintergrund\u201d][vc_column width=\u201c2\/5\u201d][vc_single_image image=\u201c8774\u201d img_size=\u201c450x448\u201d css_animation=\u201crollIn\u201d][\/vc_column][vc_column width=\u201c2\/5\u201d][vc_column_text css=\u201d.vc_custom_1662979597850{padding-top: 10px !important;padding-bottom: 10px !important;padding-left: 20px !important;background-color: rgba(255,255,255,0.4) !important;*background-color: rgb(255,255,255) !important;}\u201d] The LUCAS #45 pro\u00adgram is online \u2013 dis\u00adco\u00adver the films now! [\/vc_column_text][\/vc_column][vc_column width=\u201c1\/5\u201d][\/vc_column][\/vc_row][vc_row full_width=\u201cstretch_row\u201d css=\u201d.vc_custom_1612518267848{padding-top: 50px !important;padding-bottom: 50px !important;background-color: #ffd700 !important;}\u201d][vc_column][vc_row_inner][vc_column_inner width=\u201c1\/2\u201d][vc_separator [\u2026]<\/p>\n","protected":false},"author":1,"featured_media":4714,"parent":0,"menu_order":10,"comment_status":"closed","ping_status":"closed","template":"","meta":{"wp_typography_post_enhancements_disabled":false,"site-sidebar-layout":"no-sidebar","site-content-layout":"plain-container","ast-site-content-layout":"normal-width-container","site-content-style":"unboxed","site-sidebar-style":"unboxed","ast-global-header-display":"","ast-banner-title-visibility":"","ast-main-header-display":"","ast-hfb-above-header-display":"","ast-hfb-below-header-display":"","ast-hfb-mobile-header-display":"","site-post-title":"disabled","ast-breadcrumbs-content":"","ast-featured-img":"disabled","footer-sml-layout":"","ast-disable-related-posts":"","theme-transparent-header-meta":"default","adv-header-id-meta":"","stick-header-meta":"default","header-above-stick-meta":"","header-main-stick-meta":"","header-below-stick-meta":"","astra-migrate-meta-layouts":"default","ast-page-background-enabled":"default","ast-page-background-meta":{"desktop":{"background-color":"","background-image":"","background-repeat":"repeat","background-position":"center center","background-size":"auto","background-attachment":"scroll","background-type":"","background-media":"","overlay-type":"","overlay-color":"","overlay-opacity":"","overlay-gradient":""},"tablet":{"background-color":"","background-image":"","background-repeat":"repeat","background-position":"center center","background-size":"auto","background-attachment":"scroll","background-type":"","background-media":"","overlay-type":"","overlay-color":"","overlay-opacity":"","overlay-gradient":""},"mobile":{"background-color":"","background-image":"","background-repeat":"repeat","background-position":"center center","background-size":"auto","background-attachment":"scroll","background-type":"","background-media":"","overlay-type":"","overlay-color":"","overlay-opacity":"","overlay-gradient":""}},"ast-content-background-meta":{"desktop":{"background-color":"var(--ast-global-color-5)","background-image":"","background-repeat":"repeat","background-position":"center center","background-size":"auto","background-attachment":"scroll","background-type":"","background-media":"","overlay-type":"","overlay-color":"","overlay-opacity":"","overlay-gradient":""},"tablet":{"background-color":"var(--ast-global-color-5)","background-image":"","background-repeat":"repeat","background-position":"center center","background-size":"auto","background-attachment":"scroll","background-type":"","background-media":"","overlay-type":"","overlay-color":"","overlay-opacity":"","overlay-gradient":""},"mobile":{"background-color":"var(--ast-global-color-5)","background-image":"","background-repeat":"repeat","background-position":"center center","background-size":"auto","background-attachment":"scroll","background-type":"","background-media":"","overlay-type":"","overlay-color":"","overlay-opacity":"","overlay-gradient":""}},"footnotes":""},"class_list":["post-4376","page","type-page","status-publish","has-post-thumbnail","hentry"],"yoast_head":"<!-- This site is optimized with the Yoast SEO plugin v27.2 - https:\/\/yoast.com\/product\/yoast-seo-wordpress\/ -->\n<title>Homepage - LUCAS \u2013 Internationales Festival f\u00fcr junge Filmfans<\/title>\n<meta name=\"robots\" content=\"index, follow, max-snippet:-1, max-image-preview:large, max-video-preview:-1\" \/>\n<link rel=\"canonical\" href=\"https:\/\/2022.lucas-filmfestival.de\/en\/\" \/>\n<meta property=\"og:locale\" content=\"en_US\" \/>\n<meta property=\"og:type\" content=\"article\" \/>\n<meta property=\"og:title\" content=\"Homepage - LUCAS \u2013 Internationales Festival f\u00fcr junge Filmfans\" \/>\n<meta property=\"og:description\" content=\"[vc_row full_width=\u201cstretch_row\u201d content_placement=\u201cbottom\u201d parallax=\u201ccontent-moving\u201d parallax_image=\u201c631\u201d parallax_speed_bg=\u201c1.2\u201d css=\u201d.vc_custom_1616772209205{padding-top: 70px !important;padding-bottom: 70px !important;background-position: center;background-repeat: no-repeat !important;background-size: cover !important;}\u201d el_class=\u201chintergrund\u201d][vc_column width=\u201c2\/5\u201d][vc_single_image image=\u201c8774\u201d img_size=\u201c450x448\u201d css_animation=\u201crollIn\u201d][\/vc_column][vc_column width=\u201c2\/5\u201d][vc_column_text css=\u201d.vc_custom_1662979597850{padding-top: 10px !important;padding-bottom: 10px !important;padding-left: 20px !important;background-color: rgba(255,255,255,0.4) !important;*background-color: rgb(255,255,255) !important;}\u201d] The LUCAS #45 program is online \u2013 discover the films now! [\/vc_column_text][\/vc_column][vc_column width=\u201c1\/5\u201d][\/vc_column][\/vc_row][vc_row full_width=\u201cstretch_row\u201d css=\u201d.vc_custom_1612518267848{padding-top: 50px !important;padding-bottom: 50px !important;background-color: #ffd700 !important;}\u201d][vc_column][vc_row_inner][vc_column_inner width=\u201c1\/2\u201d][vc_separator [&hellip;]\" \/>\n<meta property=\"og:url\" content=\"https:\/\/2022.lucas-filmfestival.de\/en\/\" \/>\n<meta property=\"og:site_name\" content=\"LUCAS \u2013 Internationales Festival f\u00fcr junge Filmfans\" \/>\n<meta property=\"article:publisher\" content=\"https:\/\/www.facebook.com\/LUCASFestival\" \/>\n<meta property=\"article:modified_time\" content=\"2022-10-11T10:53:28+00:00\" \/>\n<meta property=\"og:image\" content=\"https:\/\/2022.lucas-filmfestival.de\/medien\/2021\/08\/bjf-lesung-1-und-birthday-oliver-leicht-452print_50388763581_o-scaled.jpg\" \/>\n\t<meta property=\"og:image:width\" content=\"2560\" \/>\n\t<meta property=\"og:image:height\" content=\"1920\" \/>\n\t<meta property=\"og:image:type\" content=\"image\/jpeg\" \/>\n<meta name=\"twitter:card\" content=\"summary_large_image\" \/>\n<meta name=\"twitter:site\" content=\"@dff_film\" \/>\n<meta name=\"twitter:label1\" content=\"Est. reading time\" \/>\n\t<meta name=\"twitter:data1\" content=\"3 minutes\" \/>\n<script type=\"application\/ld+json\" class=\"yoast-schema-graph\">{\"@context\":\"https:\/\/schema.org\",\"@graph\":[{\"@type\":\"WebPage\",\"@id\":\"https:\/\/2022.lucas-filmfestival.de\/en\/\",\"url\":\"https:\/\/2022.lucas-filmfestival.de\/en\/\",\"name\":\"Homepage - LUCAS \u2013 Internationales Festival f\u00fcr junge Filmfans\",\"isPartOf\":{\"@id\":\"https:\/\/2022.lucas-filmfestival.de\/en\/#website\"},\"primaryImageOfPage\":{\"@id\":\"https:\/\/2022.lucas-filmfestival.de\/en\/#primaryimage\"},\"image\":{\"@id\":\"https:\/\/2022.lucas-filmfestival.de\/en\/#primaryimage\"},\"thumbnailUrl\":\"https:\/\/2022.lucas-filmfestival.de\/medien\/2021\/08\/bjf-lesung-1-und-birthday-oliver-leicht-452print_50388763581_o-scaled.jpg\",\"datePublished\":\"2021-01-13T15:50:23+00:00\",\"dateModified\":\"2022-10-11T10:53:28+00:00\",\"breadcrumb\":{\"@id\":\"https:\/\/2022.lucas-filmfestival.de\/en\/#breadcrumb\"},\"inLanguage\":\"en-US\",\"potentialAction\":[{\"@type\":\"ReadAction\",\"target\":[\"https:\/\/2022.lucas-filmfestival.de\/en\/\"]}]},{\"@type\":\"ImageObject\",\"inLanguage\":\"en-US\",\"@id\":\"https:\/\/2022.lucas-filmfestival.de\/en\/#primaryimage\",\"url\":\"https:\/\/2022.lucas-filmfestival.de\/medien\/2021\/08\/bjf-lesung-1-und-birthday-oliver-leicht-452print_50388763581_o-scaled.jpg\",\"contentUrl\":\"https:\/\/2022.lucas-filmfestival.de\/medien\/2021\/08\/bjf-lesung-1-und-birthday-oliver-leicht-452print_50388763581_o-scaled.jpg\",\"width\":2560,\"height\":1920,\"caption\":\"\u00a9 Oliver Leicht, Quelle: DFF\"},{\"@type\":\"BreadcrumbList\",\"@id\":\"https:\/\/2022.lucas-filmfestival.de\/en\/#breadcrumb\",\"itemListElement\":[{\"@type\":\"ListItem\",\"position\":1,\"name\":\"Home\",\"item\":\"https:\/\/2022.lucas-filmfestival.de\/en\/\"},{\"@type\":\"ListItem\",\"position\":2,\"name\":\"Homepage\"}]},{\"@type\":\"WebSite\",\"@id\":\"https:\/\/2022.lucas-filmfestival.de\/en\/#website\",\"url\":\"https:\/\/2022.lucas-filmfestival.de\/en\/\",\"name\":\"LUCAS \u2013 Internationales Festival f\u00fcr junge Filmfans\",\"description\":\"Deutschlands \u00e4ltestes Filmfestival f\u00fcr junges Publikum. Das Programm richtet sich an alle von vier Jahren bis 18plus und pr\u00e4sentiert aktuelles internationales Filmschaffen \u2013 Spiel\u2011, Dokumentar\u2011, Animations- und Experimentalfilme. Herzst\u00fcck von LUCAS sind die Wettbewerbe in den Sektionen 8+, 13+ und 16+ | Youngsters.\",\"publisher\":{\"@id\":\"https:\/\/2022.lucas-filmfestival.de\/en\/#organization\"},\"potentialAction\":[{\"@type\":\"SearchAction\",\"target\":{\"@type\":\"EntryPoint\",\"urlTemplate\":\"https:\/\/2022.lucas-filmfestival.de\/en\/?s={search_term_string}\"},\"query-input\":{\"@type\":\"PropertyValueSpecification\",\"valueRequired\":true,\"valueName\":\"search_term_string\"}}],\"inLanguage\":\"en-US\"},{\"@type\":\"Organization\",\"@id\":\"https:\/\/2022.lucas-filmfestival.de\/en\/#organization\",\"name\":\"LUCAS \u2013 Internationales Festival f\u00fcr junge Filmfans\",\"url\":\"https:\/\/2022.lucas-filmfestival.de\/en\/\",\"logo\":{\"@type\":\"ImageObject\",\"inLanguage\":\"en-US\",\"@id\":\"https:\/\/2022.lucas-filmfestival.de\/en\/#\/schema\/logo\/image\/\",\"url\":\"https:\/\/2022.lucas-filmfestival.de\/medien\/2021\/01\/cropped-LucasAnimation-logo-br80px.gif\",\"contentUrl\":\"https:\/\/2022.lucas-filmfestival.de\/medien\/2021\/01\/cropped-LucasAnimation-logo-br80px.gif\",\"width\":80,\"height\":59,\"caption\":\"LUCAS \u2013 Internationales Festival f\u00fcr junge Filmfans\"},\"image\":{\"@id\":\"https:\/\/2022.lucas-filmfestival.de\/en\/#\/schema\/logo\/image\/\"},\"sameAs\":[\"https:\/\/www.facebook.com\/LUCASFestival\",\"https:\/\/x.com\/dff_film\"]}]}<\/script>\n<!-- \/ Yoast SEO plugin. -->","yoast_head_json":{"title":"Homepage - LUCAS \u2013 Internationales Festival f\u00fcr junge Filmfans","robots":{"index":"index","follow":"follow","max-snippet":"max-snippet:-1","max-image-preview":"max-image-preview:large","max-video-preview":"max-video-preview:-1"},"canonical":"https:\/\/2022.lucas-filmfestival.de\/en\/","og_locale":"en_US","og_type":"article","og_title":"Homepage - LUCAS \u2013 Internationales Festival f\u00fcr junge Filmfans","og_description":"[vc_row full_width=\u201cstretch_row\u201d content_placement=\u201cbottom\u201d parallax=\u201ccontent-moving\u201d parallax_image=\u201c631\u201d parallax_speed_bg=\u201c1.2\u201d css=\u201d.vc_custom_1616772209205{padding-top: 70px !important;padding-bottom: 70px !important;background-position: center;background-repeat: no-repeat !important;background-size: cover !important;}\u201d el_class=\u201chintergrund\u201d][vc_column width=\u201c2\/5\u201d][vc_single_image image=\u201c8774\u201d img_size=\u201c450x448\u201d css_animation=\u201crollIn\u201d][\/vc_column][vc_column width=\u201c2\/5\u201d][vc_column_text css=\u201d.vc_custom_1662979597850{padding-top: 10px !important;padding-bottom: 10px !important;padding-left: 20px !important;background-color: rgba(255,255,255,0.4) !important;*background-color: rgb(255,255,255) !important;}\u201d] The LUCAS #45 program is online \u2013 discover the films now! [\/vc_column_text][\/vc_column][vc_column width=\u201c1\/5\u201d][\/vc_column][\/vc_row][vc_row full_width=\u201cstretch_row\u201d css=\u201d.vc_custom_1612518267848{padding-top: 50px !important;padding-bottom: 50px !important;background-color: #ffd700 !important;}\u201d][vc_column][vc_row_inner][vc_column_inner width=\u201c1\/2\u201d][vc_separator [&hellip;]","og_url":"https:\/\/2022.lucas-filmfestival.de\/en\/","og_site_name":"LUCAS \u2013 Internationales Festival f\u00fcr junge Filmfans","article_publisher":"https:\/\/www.facebook.com\/LUCASFestival","article_modified_time":"2022-10-11T10:53:28+00:00","og_image":[{"width":2560,"height":1920,"url":"https:\/\/2022.lucas-filmfestival.de\/medien\/2021\/08\/bjf-lesung-1-und-birthday-oliver-leicht-452print_50388763581_o-scaled.jpg","type":"image\/jpeg"}],"twitter_card":"summary_large_image","twitter_site":"@dff_film","twitter_misc":{"Est. reading time":"3 minutes"},"schema":{"@context":"https:\/\/schema.org","@graph":[{"@type":"WebPage","@id":"https:\/\/2022.lucas-filmfestival.de\/en\/","url":"https:\/\/2022.lucas-filmfestival.de\/en\/","name":"Homepage - LUCAS \u2013 Internationales Festival f\u00fcr junge Filmfans","isPartOf":{"@id":"https:\/\/2022.lucas-filmfestival.de\/en\/#website"},"primaryImageOfPage":{"@id":"https:\/\/2022.lucas-filmfestival.de\/en\/#primaryimage"},"image":{"@id":"https:\/\/2022.lucas-filmfestival.de\/en\/#primaryimage"},"thumbnailUrl":"https:\/\/2022.lucas-filmfestival.de\/medien\/2021\/08\/bjf-lesung-1-und-birthday-oliver-leicht-452print_50388763581_o-scaled.jpg","datePublished":"2021-01-13T15:50:23+00:00","dateModified":"2022-10-11T10:53:28+00:00","breadcrumb":{"@id":"https:\/\/2022.lucas-filmfestival.de\/en\/#breadcrumb"},"inLanguage":"en-US","potentialAction":[{"@type":"ReadAction","target":["https:\/\/2022.lucas-filmfestival.de\/en\/"]}]},{"@type":"ImageObject","inLanguage":"en-US","@id":"https:\/\/2022.lucas-filmfestival.de\/en\/#primaryimage","url":"https:\/\/2022.lucas-filmfestival.de\/medien\/2021\/08\/bjf-lesung-1-und-birthday-oliver-leicht-452print_50388763581_o-scaled.jpg","contentUrl":"https:\/\/2022.lucas-filmfestival.de\/medien\/2021\/08\/bjf-lesung-1-und-birthday-oliver-leicht-452print_50388763581_o-scaled.jpg","width":2560,"height":1920,"caption":"\u00a9 Oliver Leicht, Quelle: DFF"},{"@type":"BreadcrumbList","@id":"https:\/\/2022.lucas-filmfestival.de\/en\/#breadcrumb","itemListElement":[{"@type":"ListItem","position":1,"name":"Home","item":"https:\/\/2022.lucas-filmfestival.de\/en\/"},{"@type":"ListItem","position":2,"name":"Homepage"}]},{"@type":"WebSite","@id":"https:\/\/2022.lucas-filmfestival.de\/en\/#website","url":"https:\/\/2022.lucas-filmfestival.de\/en\/","name":"LUCAS \u2013 Internationales Festival f\u00fcr junge Filmfans","description":"Deutschlands \u00e4ltestes Filmfestival f\u00fcr junges Publikum. Das Programm richtet sich an alle von vier Jahren bis 18plus und pr\u00e4sentiert aktuelles internationales Filmschaffen \u2013 Spiel\u2011, Dokumentar\u2011, Animations- und Experimentalfilme. Herzst\u00fcck von LUCAS sind die Wettbewerbe in den Sektionen 8+, 13+ und 16+ | Youngsters.","publisher":{"@id":"https:\/\/2022.lucas-filmfestival.de\/en\/#organization"},"potentialAction":[{"@type":"SearchAction","target":{"@type":"EntryPoint","urlTemplate":"https:\/\/2022.lucas-filmfestival.de\/en\/?s={search_term_string}"},"query-input":{"@type":"PropertyValueSpecification","valueRequired":true,"valueName":"search_term_string"}}],"inLanguage":"en-US"},{"@type":"Organization","@id":"https:\/\/2022.lucas-filmfestival.de\/en\/#organization","name":"LUCAS \u2013 Internationales Festival f\u00fcr junge Filmfans","url":"https:\/\/2022.lucas-filmfestival.de\/en\/","logo":{"@type":"ImageObject","inLanguage":"en-US","@id":"https:\/\/2022.lucas-filmfestival.de\/en\/#\/schema\/logo\/image\/","url":"https:\/\/2022.lucas-filmfestival.de\/medien\/2021\/01\/cropped-LucasAnimation-logo-br80px.gif","contentUrl":"https:\/\/2022.lucas-filmfestival.de\/medien\/2021\/01\/cropped-LucasAnimation-logo-br80px.gif","width":80,"height":59,"caption":"LUCAS \u2013 Internationales Festival f\u00fcr junge Filmfans"},"image":{"@id":"https:\/\/2022.lucas-filmfestival.de\/en\/#\/schema\/logo\/image\/"},"sameAs":["https:\/\/www.facebook.com\/LUCASFestival","https:\/\/x.com\/dff_film"]}]}},"_links":{"self":[{"href":"https:\/\/2022.lucas-filmfestival.de\/en\/wp-json\/wp\/v2\/pages\/4376","targetHints":{"allow":["GET"]}}],"collection":[{"href":"https:\/\/2022.lucas-filmfestival.de\/en\/wp-json\/wp\/v2\/pages"}],"about":[{"href":"https:\/\/2022.lucas-filmfestival.de\/en\/wp-json\/wp\/v2\/types\/page"}],"author":[{"embeddable":true,"href":"https:\/\/2022.lucas-filmfestival.de\/en\/wp-json\/wp\/v2\/users\/1"}],"replies":[{"embeddable":true,"href":"https:\/\/2022.lucas-filmfestival.de\/en\/wp-json\/wp\/v2\/comments?post=4376"}],"version-history":[{"count":47,"href":"https:\/\/2022.lucas-filmfestival.de\/en\/wp-json\/wp\/v2\/pages\/4376\/revisions"}],"predecessor-version":[{"id":13368,"href":"https:\/\/2022.lucas-filmfestival.de\/en\/wp-json\/wp\/v2\/pages\/4376\/revisions\/13368"}],"wp:featuredmedia":[{"embeddable":true,"href":"https:\/\/2022.lucas-filmfestival.de\/en\/wp-json\/wp\/v2\/media\/4714"}],"wp:attachment":[{"href":"https:\/\/2022.lucas-filmfestival.de\/en\/wp-json\/wp\/v2\/media?parent=4376"}],"curies":[{"name":"wp","href":"https:\/\/api.w.org\/{rel}","templated":true}]}}